{"id":514,"date":"2021-10-11T12:16:36","date_gmt":"2021-10-11T18:16:36","guid":{"rendered":"https:\/\/wordpress.algarabiacentrodedia.org.mx\/?page_id=514"},"modified":"2021-10-11T12:16:37","modified_gmt":"2021-10-11T18:16:37","slug":"leticia-jacobo","status":"publish","type":"page","link":"https:\/\/wordpress.algarabiacentrodedia.org.mx\/index.php\/leticia-jacobo\/","title":{"rendered":"Leticia Jacobo"},"content":{"rendered":"\n<figure class=\"wp-container-2 wp-block-gallery-1 wp-block-gallery columns-2 is-cropped\"><ul class=\"blocks-gallery-grid\"><li class=\"blocks-gallery-item\"><figure><img loading=\"lazy\" width=\"1024\" height=\"1024\" src=\"https:\/\/wordpress.algarabiacentrodedia.org.mx\/wp-content\/uploads\/2021\/10\/Leticia-Jacobo-1-1024x1024.png\" alt=\"\" data-id=\"516\" data-full-url=\"https:\/\/wordpress.algarabiacentrodedia.org.mx\/wp-content\/uploads\/2021\/10\/Leticia-Jacobo-1.png\" data-link=\"https:\/\/wordpress.algarabiacentrodedia.org.mx\/?attachment_id=516\" class=\"wp-image-516\" srcset=\"https:\/\/wordpress.algarabiacentrodedia.org.mx\/wp-content\/uploads\/2021\/10\/Leticia-Jacobo-1-1024x1024.png 1024w, https:\/\/wordpress.algarabiacentrodedia.org.mx\/wp-content\/uploads\/2021\/10\/Leticia-Jacobo-1-300x300.png 300w, https:\/\/wordpress.algarabiacentrodedia.org.mx\/wp-content\/uploads\/2021\/10\/Leticia-Jacobo-1-150x150.png 150w, https:\/\/wordpress.algarabiacentrodedia.org.mx\/wp-content\/uploads\/2021\/10\/Leticia-Jacobo-1-768x768.png 768w, https:\/\/wordpress.algarabiacentrodedia.org.mx\/wp-content\/uploads\/2021\/10\/Leticia-Jacobo-1-275x275.png 275w, https:\/\/wordpress.algarabiacentrodedia.org.mx\/wp-content\/uploads\/2021\/10\/Leticia-Jacobo-1-75x75.png 75w, https:\/\/wordpress.algarabiacentrodedia.org.mx\/wp-content\/uploads\/2021\/10\/Leticia-Jacobo-1.png 1080w\" sizes=\"(max-width: 1024px) 100vw, 1024px\" \/><\/figure><\/li><li class=\"blocks-gallery-item\"><figure><img loading=\"lazy\" width=\"334\" height=\"341\" src=\"https:\/\/wordpress.algarabiacentrodedia.org.mx\/wp-content\/uploads\/2021\/10\/algarabia-1.png\" alt=\"\" data-id=\"517\" data-full-url=\"https:\/\/wordpress.algarabiacentrodedia.org.mx\/wp-content\/uploads\/2021\/10\/algarabia-1.png\" data-link=\"https:\/\/wordpress.algarabiacentrodedia.org.mx\/?attachment_id=517\" class=\"wp-image-517\" srcset=\"https:\/\/wordpress.algarabiacentrodedia.org.mx\/wp-content\/uploads\/2021\/10\/algarabia-1.png 334w, https:\/\/wordpress.algarabiacentrodedia.org.mx\/wp-content\/uploads\/2021\/10\/algarabia-1-294x300.png 294w\" sizes=\"(max-width: 334px) 100vw, 334px\" \/><\/figure><\/li><\/ul><\/figure>\n\n\n\n<p>Soy Leticia Jacobo Mel\u00e9ndez, de 49 a\u00f1os, originaria de Guadalajara Jalisco, ingres\u00e9 a colaborar con la Gran Familia Algarab\u00eda a partir del pasado mes de julio del 2021 como Directora General de la Asociaci\u00f3n, a trav\u00e9s de la invitaci\u00f3n por parte de la L.C.P. Marcela Anguiano  consejera de la Asociaci\u00f3n.<\/p>\n\n\n\n<p>Entre mis funciones est\u00e1n las de Coordinar acciones, junto con el Consejo, que aseguren que los objetivos y programas de trabajo que se realizan en FYAPDI, est\u00e9n siempre orientados a cumplir con la misi\u00f3n de la Instituci\u00f3n.<\/p>\n\n\n\n<p>Desde el primer d\u00eda que conoc\u00ed la Instituci\u00f3n, el personal y los usuarios, me enamor\u00e9 de la causa, me llam\u00f3 la atenci\u00f3n el modelo de intervenci\u00f3n y sobre todo la posibilidad de fomentar la vida independiente para j\u00f3venes y adultos con discapacidad intelectual. <\/p>\n\n\n\n<p>Con nuestros chicos he aprendido que: <\/p>\n\n\n\n<blockquote class=\"wp-block-quote\"><p>&#8220;Con un saludo, Me han compartido y transmitido alegr\u00eda y amor&#8221;<\/p><\/blockquote>\n\n\n\n<p>Creo que la mejor forma de interactuar con una Persona con discapacidad intelectual es con un trato digno, respetando sus gustos, su espacio, con una relaci\u00f3n entre iguales.<\/p>\n","protected":false},"excerpt":{"rendered":"<p>Soy Leticia Jacobo Mel\u00e9ndez, de 49 a\u00f1os, originaria de Guadalajara Jalisco, ingres\u00e9 a colaborar con la Gran Familia Algarab\u00eda a partir del pasado mes de julio del 2021 como Directora General de la Asociaci\u00f3n, a trav\u00e9s de la invitaci\u00f3n por parte de la L.C.P. Marcela Anguiano consejera de la Asociaci\u00f3n. Entre mis funciones est\u00e1n las de Coordinar acciones, junto con &hellip; <\/p>\n","protected":false},"author":1,"featured_media":0,"parent":0,"menu_order":0,"comment_status":"closed","ping_status":"closed","template":"","meta":{"spay_email":""},"_links":{"self":[{"href":"https:\/\/wordpress.algarabiacentrodedia.org.mx\/index.php\/wp-json\/wp\/v2\/pages\/514"}],"collection":[{"href":"https:\/\/wordpress.algarabiacentrodedia.org.mx\/index.php\/wp-json\/wp\/v2\/pages"}],"about":[{"href":"https:\/\/wordpress.algarabiacentrodedia.org.mx\/index.php\/wp-json\/wp\/v2\/types\/page"}],"author":[{"embeddable":true,"href":"https:\/\/wordpress.algarabiacentrodedia.org.mx\/index.php\/wp-json\/wp\/v2\/users\/1"}],"replies":[{"embeddable":true,"href":"https:\/\/wordpress.algarabiacentrodedia.org.mx\/index.php\/wp-json\/wp\/v2\/comments?post=514"}],"version-history":[{"count":1,"href":"https:\/\/wordpress.algarabiacentrodedia.org.mx\/index.php\/wp-json\/wp\/v2\/pages\/514\/revisions"}],"predecessor-version":[{"id":518,"href":"https:\/\/wordpress.algarabiacentrodedia.org.mx\/index.php\/wp-json\/wp\/v2\/pages\/514\/revisions\/518"}],"wp:attachment":[{"href":"https:\/\/wordpress.algarabiacentrodedia.org.mx\/index.php\/wp-json\/wp\/v2\/media?parent=514"}],"curies":[{"name":"wp","href":"https:\/\/api.w.org\/{rel}","templated":true}]}}